{"id":1184,"date":"2026-05-01T13:00:00","date_gmt":"2026-05-01T11:00:00","guid":{"rendered":"https:\/\/www.gammelgarden.com\/?post_type=kalender&#038;p=1184"},"modified":"2026-01-29T15:04:41","modified_gmt":"2026-01-29T14:04:41","slug":"kurs-lar-dig-bygga-tragardsgard","status":"publish","type":"kalender","link":"https:\/\/www.gammelgarden.com\/de\/kalender\/kurs-lar-dig-bygga-tragardsgard\/","title":{"rendered":"Kurs: L\u00e4r dig bygga tr\u00e4g\u00e4rdsg\u00e5rd"},"content":{"rendered":"\n<p><strong>Datum<\/strong>: 1-3 maj 2026<br><strong>Tid<\/strong>: Fredag kl 13-17, l\u00f6rdag kl 9-17, s\u00f6ndag kl 9-13<br><strong>Kursledare<\/strong>: Robin Eriksson<br><strong>Avgift<\/strong>: 3600 kr<\/p>\n\n\n\n<p>Det har byggts tusentals mil tr\u00e4g\u00e4rdsg\u00e5rd i v\u00e5rt svenska landskap under de senaste tusen \u00e5ren. Tr\u00e4g\u00e4rdsg\u00e5rdarna byggdes med lokalt material och ofta reglerade i lag. De delade in landskapet i komplicerade h\u00e4gnadssystem som var en viktig komponent i den agrara f\u00f6rs\u00f6rjningen.<\/p>\n\n\n\n<p>Under kursens f\u00f6rsta pass tittar vi p\u00e5 g\u00e4rdesg\u00e5rdens historia och funktion i landskapet.&nbsp;D\u00e4refter g\u00e5r vi igenom de grundl\u00e4ggande praktiska momenten f\u00f6r att bygga g\u00e4rdsg\u00e5rd som att bearbeta och s\u00e4tta st\u00f6rar, v\u00e4rma och s\u00e4tta vidjor samt hur man ska t\u00e4nka vid avslut, grindar, h\u00f6rn och berg. Slutligen anv\u00e4nder vi v\u00e5ra kunskaper och bygger kontinuerligt f\u00f6r att m\u00e4ngdtr\u00e4na.<\/p>\n\n\n\n<p>L\u00e4s mer p\u00e5: <a href=\"https:\/\/www.slojdochbyggnadsvard.se\/Kurser\/kurser-publicerade\/mall-kurssida-2026-bygg2\/\">Sl\u00f6jd &amp; Byggnadsv\u00e5rd<\/a><\/p>\n\n\n\n<p><\/p>\n","protected":false},"featured_media":1185,"template":"","meta":{"_acf_changed":true},"acf":[],"_links":{"self":[{"href":"https:\/\/www.gammelgarden.com\/de\/wp-json\/wp\/v2\/kalender\/1184"}],"collection":[{"href":"https:\/\/www.gammelgarden.com\/de\/wp-json\/wp\/v2\/kalender"}],"about":[{"href":"https:\/\/www.gammelgarden.com\/de\/wp-json\/wp\/v2\/types\/kalender"}],"wp:featuredmedia":[{"embeddable":true,"href":"https:\/\/www.gammelgarden.com\/de\/wp-json\/wp\/v2\/media\/1185"}],"wp:attachment":[{"href":"https:\/\/www.gammelgarden.com\/de\/wp-json\/wp\/v2\/media?parent=1184"}],"curies":[{"name":"wp","href":"https:\/\/api.w.org\/{rel}","templated":true}]}}